{"id":59,"date":"2012-04-30T13:12:05","date_gmt":"2012-04-30T11:12:05","guid":{"rendered":"http:\/\/sites.cardenalcisneros.es\/ciudadarte\/?page_id=59"},"modified":"2012-04-30T13:12:05","modified_gmt":"2012-04-30T11:12:05","slug":"making-off","status":"publish","type":"page","link":"https:\/\/sites.cardenalcisneros.es\/ciudadarte\/index.php\/making-off\/","title":{"rendered":"C\u00f3mo se hizo"},"content":{"rendered":"<p style=\"text-align: justify;\"><span style=\"color: #000080;\"><strong>INTRODUCCI\u00d3N.<\/strong><\/span><\/p>\n<div style=\"float: right; width: 430px; margin: 10px;\"><iframe loading=\"lazy\" width=\"560\" height=\"315\" src=\"https:\/\/www.youtube.com\/embed\/Q43XIPFO4eQ\" frameborder=\"0\" allowfullscreen><\/iframe><\/div>\n<p style=\"text-align: justify;\"><span style=\"color: #000000;\">\u201cLa Ciudad en el Arte\u201d es un proyecto educativo multimedia iniciado en abril de 2012, que a\u00fan contin\u00faa desarroll\u00e1ndose bajo la coordinaci\u00f3n de tres profesores y del jefe de servicios inform\u00e1ticos del Centro Universitario Cardenal Cisneros de Alcal\u00e1 de Henares. En \u00e9l han participado ya m\u00e1s de 300 estudiantes de la asignatura \u201cGeograf\u00eda General\u201d del Grado en Magisterio\u00a0de Educaci\u00f3n Primaria.<\/span><\/p>\n<p style=\"text-align: justify;\"><span style=\"color: #000000;\">Este proyecto pretende integrar el estudio de la ciudad y del fen\u00f3meno urbano desde un enfoque interdisciplinar en el que tienen cabida diversas aportaciones de la Geograf\u00eda, la Historia y la Historia del Arte. El resultado de este trabajo de investigaci\u00f3n ha sido publicado en una p\u00e1gina web de libre acceso que contiene im\u00e1genes hist\u00f3ricas, textos explicativos, enlaces de internet, bibliograf\u00eda y aplicaciones de Google Maps dedicadas a m\u00e1s de 200 ciudades de todo el mundo.<\/span><\/p>\n<p style=\"text-align: justify;\"><span style=\"color: #000000;\">Esta experiencia educativa ha sido difundida en congresos internacionales y cursos de formaci\u00f3n de profesorado, y ha sido publicada en un libro coeditado por la UNED y la Universidad de Alcal\u00e1. En junio 2013 fue galardonada con un Premio BEDA a Proyectos innovadores de Educaci\u00f3n Biling\u00fce.<\/span><\/p>\n<p>&nbsp;<br \/>\n<span style=\"color: #000080;\"><strong>OBJETIVOS.<\/strong><\/span><\/p>\n<p style=\"text-align: justify;\"><span style=\"color: #000000;\">En relaci\u00f3n a los contenidos de la asignatura que se pretend\u00edan desarrollar con la realizaci\u00f3n de este proyecto, los objetivos fueron los siguientes:<\/span><\/p>\n<ol>\n<li><span style=\"color: #000000;\">Reconocer la estructura, morfolog\u00eda y elementos urbanos de una ciudad<\/span><\/li>\n<li><span style=\"color: #000000;\">Reflexionar sobre los diversos usos y actividades de la ciudad<\/span><\/li>\n<li><span style=\"color: #000000;\">Apreciar la imagen art\u00edstica y los valores culturales de la ciudad<\/span><\/li>\n<li><span style=\"color: #000000;\">Comparar el\u00a0pasado y el presente de los espacios urbanos, teniendo en cuenta su evoluci\u00f3n hist\u00f3rica<\/span><\/li>\n<li><span style=\"color: #000000;\">Aplicar las nuevas tecnolog\u00edas al an\u00e1lisis geogr\u00e1fico del medio urbano.<\/span><\/li>\n<\/ol>\n<p style=\"text-align: justify;\"><span style=\"color: #000000;\">El trabajo cuenta para la calificaci\u00f3n final de la asignatura pero tiene otra finalidad m\u00e1s importante. Pretende desarrollar una actividad de aprendizaje que tuviera las siguientes caracter\u00edsticas: que fuera significativa, que fuera interdisciplinar, que\u00a0utilizase las nuevas tecnolog\u00edas y que tuviera como resultado final la producci\u00f3n de materiales que pudieran servir como recurso did\u00e1ctico para otras personas. \u00a0<\/span><\/p>\n<p><span style=\"color: #000000;\">\u00a0<\/span><\/p>\n<p style=\"text-align: justify;\"><span style=\"color: #000080;\"><strong>DESCRIPCI\u00d3N. <\/strong><\/span><\/p>\n<p style=\"text-align: justify;\"><span style=\"color: #000000;\">El trabajo est\u00e1 relacionado con\u00a0uno de los\u00a0temas de la asignatura,\u00a0dedicado al espacio urbano.\u00a0Propone al estudiante realizar una actividad aplicada, de car\u00e1cter multidisciplinar, que le ayude a identificar y comprender los principales elementos de un paisaje urbano, comprendiendo su evoluci\u00f3n hist\u00f3rica, sus funciones y sus\u00a0caracter\u00edsticas. La particularidad m\u00e1s destacable es que el paisaje estudiado no debe estar representado en una fotograf\u00eda\u00a0actual sino en una imagen hist\u00f3rico-art\u00edstica, por ejemplo una pintura, un dibujo, un grabado o un plano antiguo.<\/span><\/p>\n<p style=\"text-align: justify;\"><span style=\"color: #000000;\">La tarea es la siguiente. El estudiante debe escoger una imagen de una ciudad, que ha ser\u00a0aceptada como v\u00e1lida por el profesor. Despu\u00e9s tiene que\u00a0investigar sobre la historia y las caracter\u00edsticas de la ciudad en cuesti\u00f3n, analizar la imagen\u00a0al detalle\u00a0y\u00a0dise\u00f1ar una diapositiva con el programa Power Point, en\u00a0la que aparezca la propia imagen y se\u00a0se\u00f1alen los\u00a0elementos urbanos m\u00e1s\u00a0significativos,\u00a0por medio de flechas y cuadros de texto alusivos.\u00a0A continuaci\u00f3n el estudiante debe redactar\u00a0otro texto, de al menos 500 palabras, que ampl\u00ede la informaci\u00f3n sintetizada en la diapositiva con otros datos obtenidos durante el proceso de investigaci\u00f3n, y que\u00a0han de\u00a0incluir los siguientes aspectos del an\u00e1lisis urbano:<\/span><\/p>\n<ul style=\"text-align: justify;\">\n<li><span style=\"color: #000000;\">Identificaci\u00f3n de la ciudad<\/span><\/li>\n<li><span style=\"color: #000000;\">Datos sobre la imagen y la \u00e9poca hist\u00f3rica a la que pertenece<\/span><\/li>\n<li><span style=\"color: #000000;\">Emplazamiento de la ciudad<\/span><\/li>\n<li><span style=\"color: #000000;\">Estructura y mofolog\u00eda<\/span><\/li>\n<li><span style=\"color: #000000;\">Principales elementos urbanos que aparecen en la imagen<\/span><\/li>\n<li><span style=\"color: #000000;\">Aspectos sociales y actividades econ\u00f3micas de la ciudad analizada.<\/span><\/li>\n<\/ul>\n<p style=\"text-align: justify;\"><span style=\"color: #000000;\">Desde el\u00a0inicio del proyecto\u00a0se han puesto a disposici\u00f3n\u00a0ejemplos concretos\u00a0de ambos documentos que pueden utilizarse como modelo, adem\u00e1s de varios bancos de im\u00e1genes hist\u00f3rico-art\u00edsticas, una bibliograf\u00eda y una\u00a0lista de enlaces\u00a0web\u00a0especializados,\u00a0as\u00ed como los criterios de evaluaci\u00f3n del trabajo. El estudiante\u00a0tiene que presentar los dos documentos (la diapositiva y el texto)\u00a0para ser evaluados por el profesor. Una vez corregidos\u00a0debe realizar las modificaciones requeridas y colgarlo en esta web, que ha sido dise\u00f1ada espec\u00edficamente con este fin por el profesor de la asignatura y los Servicios Inform\u00e1ticos del Centro Universitario Cardenal Cisneros. <\/span><\/p>\n<p style=\"text-align: justify;\"><span style=\"color: #000000;\">T\u00e9cnicamente\u00a0ha sido\u00a0necesario convertir las diapositivas en archivos de imagen y darle a los textos una estructura similar. Adem\u00e1s se han a\u00f1adido\u00a0determinadas aplicaciones, como un visor de Google Maps\u00a0que permita comparar la imagen hist\u00f3rica con el aspecto actual\u00a0del espacio urbano analizado en\u00a0cada una de las entradas,\u00a0as\u00ed como\u00a0un sistema de clasificaci\u00f3n de etiquetas para localizar\u00a0f\u00e1cilmente las ciudades\u00a0dentro del blog. <\/span><\/p>\n<p style=\"text-align: justify;\"><span style=\"color: #000000;\">El blog pretende ser una herramienta abierta y en constante desarrollo, que siga incorporando recursos y experiencias educativas en el futuro mediante el trabajo cooperativo de todos los componentes de nuestra comunidad educativa. En el presente curso acad\u00e9mico se espera la incorporaci\u00f3n de nuevos estudiantes al desarrollo del proyecto.<\/span><\/p>\n<p style=\"text-align: justify;\">\n","protected":false},"excerpt":{"rendered":"<p>INTRODUCCI\u00d3N. \u201cLa Ciudad en el Arte\u201d es un proyecto educativo multimedia iniciado en abril de 2012, que a\u00fan contin\u00faa desarroll\u00e1ndose bajo la coordinaci\u00f3n de tres profesores y del jefe de servicios inform\u00e1ticos del Centro Universitario Cardenal Cisneros de Alcal\u00e1 de Henares. En \u00e9l han participado ya m\u00e1s de 300 estudiantes de la asignatura \u201cGeograf\u00eda General\u201d [&hellip;]<\/p>\n","protected":false},"author":1,"featured_media":0,"parent":0,"menu_order":3,"comment_status":"closed","ping_status":"closed","template":"","meta":[],"yoast_head":"<!-- This site is optimized with the Yoast SEO plugin v20.7 - https:\/\/yoast.com\/wordpress\/plugins\/seo\/ -->\n<title>C\u00f3mo se hizo - La Ciudad en el Arte<\/title>\n<meta name=\"robots\" content=\"index, follow, max-snippet:-1, max-image-preview:large, max-video-preview:-1\" \/>\n<link rel=\"canonical\" href=\"https:\/\/sites.cardenalcisneros.es\/ciudadarte\/index.php\/making-off\/\" \/>\n<meta property=\"og:locale\" content=\"es_ES\" \/>\n<meta property=\"og:type\" content=\"article\" \/>\n<meta property=\"og:title\" content=\"C\u00f3mo se hizo - La Ciudad en el Arte\" \/>\n<meta property=\"og:description\" content=\"INTRODUCCI\u00d3N. \u201cLa Ciudad en el Arte\u201d es un proyecto educativo multimedia iniciado en abril de 2012, que a\u00fan contin\u00faa desarroll\u00e1ndose bajo la coordinaci\u00f3n de tres profesores y del jefe de servicios inform\u00e1ticos del Centro Universitario Cardenal Cisneros de Alcal\u00e1 de Henares. En \u00e9l han participado ya m\u00e1s de 300 estudiantes de la asignatura \u201cGeograf\u00eda General\u201d [&hellip;]\" \/>\n<meta property=\"og:url\" content=\"https:\/\/sites.cardenalcisneros.es\/ciudadarte\/index.php\/making-off\/\" \/>\n<meta property=\"og:site_name\" content=\"La Ciudad en el Arte\" \/>\n<meta name=\"twitter:card\" content=\"summary_large_image\" \/>\n<meta name=\"twitter:label1\" content=\"Tiempo de lectura\" \/>\n\t<meta name=\"twitter:data1\" content=\"4 minutos\" \/>\n<script type=\"application\/ld+json\" class=\"yoast-schema-graph\">{\"@context\":\"https:\/\/schema.org\",\"@graph\":[{\"@type\":\"WebPage\",\"@id\":\"https:\/\/sites.cardenalcisneros.es\/ciudadarte\/index.php\/making-off\/\",\"url\":\"https:\/\/sites.cardenalcisneros.es\/ciudadarte\/index.php\/making-off\/\",\"name\":\"C\u00f3mo se hizo - La Ciudad en el Arte\",\"isPartOf\":{\"@id\":\"https:\/\/sites.cardenalcisneros.es\/ciudadarte\/#website\"},\"datePublished\":\"2012-04-30T11:12:05+00:00\",\"dateModified\":\"2012-04-30T11:12:05+00:00\",\"breadcrumb\":{\"@id\":\"https:\/\/sites.cardenalcisneros.es\/ciudadarte\/index.php\/making-off\/#breadcrumb\"},\"inLanguage\":\"es\",\"potentialAction\":[{\"@type\":\"ReadAction\",\"target\":[\"https:\/\/sites.cardenalcisneros.es\/ciudadarte\/index.php\/making-off\/\"]}]},{\"@type\":\"BreadcrumbList\",\"@id\":\"https:\/\/sites.cardenalcisneros.es\/ciudadarte\/index.php\/making-off\/#breadcrumb\",\"itemListElement\":[{\"@type\":\"ListItem\",\"position\":1,\"name\":\"Portada\",\"item\":\"https:\/\/sites.cardenalcisneros.es\/ciudadarte\/\"},{\"@type\":\"ListItem\",\"position\":2,\"name\":\"C\u00f3mo se hizo\"}]},{\"@type\":\"WebSite\",\"@id\":\"https:\/\/sites.cardenalcisneros.es\/ciudadarte\/#website\",\"url\":\"https:\/\/sites.cardenalcisneros.es\/ciudadarte\/\",\"name\":\"La Ciudad en el Arte\",\"description\":\"Un blog colaborativo sobre Geograf\u00eda, Urbanismo, Historia y Arte\",\"potentialAction\":[{\"@type\":\"SearchAction\",\"target\":{\"@type\":\"EntryPoint\",\"urlTemplate\":\"https:\/\/sites.cardenalcisneros.es\/ciudadarte\/?s={search_term_string}\"},\"query-input\":\"required name=search_term_string\"}],\"inLanguage\":\"es\"}]}<\/script>\n<!-- \/ Yoast SEO plugin. -->","yoast_head_json":{"title":"C\u00f3mo se hizo - La Ciudad en el Arte","robots":{"index":"index","follow":"follow","max-snippet":"max-snippet:-1","max-image-preview":"max-image-preview:large","max-video-preview":"max-video-preview:-1"},"canonical":"https:\/\/sites.cardenalcisneros.es\/ciudadarte\/index.php\/making-off\/","og_locale":"es_ES","og_type":"article","og_title":"C\u00f3mo se hizo - La Ciudad en el Arte","og_description":"INTRODUCCI\u00d3N. \u201cLa Ciudad en el Arte\u201d es un proyecto educativo multimedia iniciado en abril de 2012, que a\u00fan contin\u00faa desarroll\u00e1ndose bajo la coordinaci\u00f3n de tres profesores y del jefe de servicios inform\u00e1ticos del Centro Universitario Cardenal Cisneros de Alcal\u00e1 de Henares. En \u00e9l han participado ya m\u00e1s de 300 estudiantes de la asignatura \u201cGeograf\u00eda General\u201d [&hellip;]","og_url":"https:\/\/sites.cardenalcisneros.es\/ciudadarte\/index.php\/making-off\/","og_site_name":"La Ciudad en el Arte","twitter_card":"summary_large_image","twitter_misc":{"Tiempo de lectura":"4 minutos"},"schema":{"@context":"https:\/\/schema.org","@graph":[{"@type":"WebPage","@id":"https:\/\/sites.cardenalcisneros.es\/ciudadarte\/index.php\/making-off\/","url":"https:\/\/sites.cardenalcisneros.es\/ciudadarte\/index.php\/making-off\/","name":"C\u00f3mo se hizo - La Ciudad en el Arte","isPartOf":{"@id":"https:\/\/sites.cardenalcisneros.es\/ciudadarte\/#website"},"datePublished":"2012-04-30T11:12:05+00:00","dateModified":"2012-04-30T11:12:05+00:00","breadcrumb":{"@id":"https:\/\/sites.cardenalcisneros.es\/ciudadarte\/index.php\/making-off\/#breadcrumb"},"inLanguage":"es","potentialAction":[{"@type":"ReadAction","target":["https:\/\/sites.cardenalcisneros.es\/ciudadarte\/index.php\/making-off\/"]}]},{"@type":"BreadcrumbList","@id":"https:\/\/sites.cardenalcisneros.es\/ciudadarte\/index.php\/making-off\/#breadcrumb","itemListElement":[{"@type":"ListItem","position":1,"name":"Portada","item":"https:\/\/sites.cardenalcisneros.es\/ciudadarte\/"},{"@type":"ListItem","position":2,"name":"C\u00f3mo se hizo"}]},{"@type":"WebSite","@id":"https:\/\/sites.cardenalcisneros.es\/ciudadarte\/#website","url":"https:\/\/sites.cardenalcisneros.es\/ciudadarte\/","name":"La Ciudad en el Arte","description":"Un blog colaborativo sobre Geograf\u00eda, Urbanismo, Historia y Arte","potentialAction":[{"@type":"SearchAction","target":{"@type":"EntryPoint","urlTemplate":"https:\/\/sites.cardenalcisneros.es\/ciudadarte\/?s={search_term_string}"},"query-input":"required name=search_term_string"}],"inLanguage":"es"}]}},"_links":{"self":[{"href":"https:\/\/sites.cardenalcisneros.es\/ciudadarte\/index.php\/wp-json\/wp\/v2\/pages\/59"}],"collection":[{"href":"https:\/\/sites.cardenalcisneros.es\/ciudadarte\/index.php\/wp-json\/wp\/v2\/pages"}],"about":[{"href":"https:\/\/sites.cardenalcisneros.es\/ciudadarte\/index.php\/wp-json\/wp\/v2\/types\/page"}],"author":[{"embeddable":true,"href":"https:\/\/sites.cardenalcisneros.es\/ciudadarte\/index.php\/wp-json\/wp\/v2\/users\/1"}],"replies":[{"embeddable":true,"href":"https:\/\/sites.cardenalcisneros.es\/ciudadarte\/index.php\/wp-json\/wp\/v2\/comments?post=59"}],"version-history":[{"count":0,"href":"https:\/\/sites.cardenalcisneros.es\/ciudadarte\/index.php\/wp-json\/wp\/v2\/pages\/59\/revisions"}],"wp:attachment":[{"href":"https:\/\/sites.cardenalcisneros.es\/ciudadarte\/index.php\/wp-json\/wp\/v2\/media?parent=59"}],"curies":[{"name":"wp","href":"https:\/\/api.w.org\/{rel}","templated":true}]}}