{"version":"1.0","provider_name":"La Ciudad en el Arte","provider_url":"https:\/\/sites.cardenalcisneros.es\/ciudadarte","author_name":"Alumno Campus","author_url":"https:\/\/sites.cardenalcisneros.es\/ciudadarte\/index.php\/author\/alumnocampus\/","title":"BILBAO (F\u00e9lix Bonales, 2012) - La Ciudad en el Arte","type":"rich","width":600,"height":338,"html":"<blockquote class=\"wp-embedded-content\" data-secret=\"ZprEfvFbgS\"><a href=\"https:\/\/sites.cardenalcisneros.es\/ciudadarte\/index.php\/2014\/06\/02\/bilbao-felix-bonales-2012\/\">BILBAO (F\u00e9lix Bonales, 2012)<\/a><\/blockquote><iframe sandbox=\"allow-scripts\" security=\"restricted\" src=\"https:\/\/sites.cardenalcisneros.es\/ciudadarte\/index.php\/2014\/06\/02\/bilbao-felix-bonales-2012\/embed\/#?secret=ZprEfvFbgS\" width=\"600\" height=\"338\" title=\"\u00abBILBAO (F\u00e9lix Bonales, 2012)\u00bb \u2014 La Ciudad en el Arte\" data-secret=\"ZprEfvFbgS\" frameborder=\"0\" marginwidth=\"0\" marginheight=\"0\" scrolling=\"no\" class=\"wp-embedded-content\"><\/iframe><script type=\"text\/javascript\">\n\/*! This file is auto-generated *\/\n!function(c,l){\"use strict\";var e=!1,o=!1;if(l.querySelector)if(c.addEventListener)e=!0;if(c.wp=c.wp||{},c.wp.receiveEmbedMessage);else if(c.wp.receiveEmbedMessage=function(e){var t=e.data;if(!t);else if(!(t.secret||t.message||t.value));else if(\/[^a-zA-Z0-9]\/.test(t.secret));else{for(var r,s,a,i=l.querySelectorAll('iframe[data-secret=\"'+t.secret+'\"]'),n=l.querySelectorAll('blockquote[data-secret=\"'+t.secret+'\"]'),o=0;o<n.length;o++)n[o].style.display=\"none\";for(o=0;o<i.length;o++)if(r=i[o],e.source!==r.contentWindow);else{if(r.removeAttribute(\"style\"),\"height\"===t.message){if(1e3<(s=parseInt(t.value,10)))s=1e3;else if(~~s<200)s=200;r.height=s}if(\"link\"===t.message)if(s=l.createElement(\"a\"),a=l.createElement(\"a\"),s.href=r.getAttribute(\"src\"),a.href=t.value,a.host===s.host)if(l.activeElement===r)c.top.location.href=t.value}}},e)c.addEventListener(\"message\",c.wp.receiveEmbedMessage,!1),l.addEventListener(\"DOMContentLoaded\",t,!1),c.addEventListener(\"load\",t,!1);function t(){if(o);else{o=!0;for(var e,t,r,s=-1!==navigator.appVersion.indexOf(\"MSIE 10\"),a=!!navigator.userAgent.match(\/Trident.*rv:11\\.\/),i=l.querySelectorAll(\"iframe.wp-embedded-content\"),n=0;n<i.length;n++){if(!(r=(t=i[n]).getAttribute(\"data-secret\")))r=Math.random().toString(36).substr(2,10),t.src+=\"#?secret=\"+r,t.setAttribute(\"data-secret\",r);if(s||a)(e=t.cloneNode(!0)).removeAttribute(\"security\"),t.parentNode.replaceChild(e,t);t.contentWindow.postMessage({message:\"ready\",secret:r},\"*\")}}}}(window,document);\n<\/script>\n","description":"Esta obra del a\u00f1o 2012 es una pintura de 116 x 81 cm realizada al \u00f3leo por el pintor realista F\u00e9lix Bonales. Se trata de una panor\u00e1mica de la ciudad desde Mallona en la que se aprecia claramente c\u00f3mo es el Bilbao de hoy en d\u00eda. Est\u00e1 tomada de la p\u00e1gina web del propio artista. [&hellip;]","thumbnail_url":"http:\/\/sites.cardenalcisneros.es\/ciudadarte\/wp-content\/uploads\/2014\/06\/leticia-lopez-vallejo-trabajo-2-power-point.jpg"}